{"id":1848,"date":"2025-09-21T18:21:09","date_gmt":"2025-09-21T16:21:09","guid":{"rendered":"https:\/\/www.queerpridedd.org\/?page_id=1848"},"modified":"2025-09-21T18:23:15","modified_gmt":"2025-09-21T16:23:15","slug":"press-review-2024","status":"publish","type":"page","link":"https:\/\/www.queerpridedd.org\/index.php\/en\/press-review-2024\/","title":{"rendered":"Press review 2024"},"content":{"rendered":"\n<p>An overview of the reports on Queer Pride Dresden 2024.<\/p>\n\n\n\n<h2 class=\"wp-block-heading\"><strong>m\u00e4nner*<\/strong><\/h2>\n\n\n\n<ul class=\"wp-block-list\">\n<li><a href=\"https:\/\/www.maenner.media\/regional\/blu\/queer-pride-dresden-wichtig-und-richtig\/\">https:\/\/www.maenner.media\/regional\/blu\/queer-pride-dresden-wichtig-und-richtig\/<\/a> (de)<\/li>\n<\/ul>\n\n\n\n<h2 class=\"wp-block-heading\"><strong>Neustadt Gefl\u00fcster<\/strong><\/h2>\n\n\n\n<ul class=\"wp-block-list\">\n<li><a href=\"https:\/\/www.neustadt-ticker.de\/210025\/aktuell\/queer-pride-zieht-am-sonnabend-durch-dresden\">https:\/\/www.neustadt-ticker.de\/210025\/aktuell\/queer-pride-zieht-am-sonnabend-durch-dresden<\/a> (de)<\/li>\n\n\n\n<li><a href=\"https:\/\/www.neustadt-ticker.de\/210273\/aktuell\/tausende-demonstrierten-lautstark-durch-die-stad\">https:\/\/www.neustadt-ticker.de\/210273\/aktuell\/tausende-demonstrierten-lautstark-durch-die-stad<\/a> (de)<\/li>\n<\/ul>\n\n\n\n<h2 class=\"wp-block-heading\"><strong>S\u00e4chsische Zeitung<\/strong><\/h2>\n\n\n\n<ul class=\"wp-block-list\">\n<li><a href=\"https:\/\/www.saechsische.de\/dresden\/lokales\/verkehrsbehinderungen-queer-pride-in-dresden-6015105.html\">Traffic restrictions<\/a> (de)<\/li>\n\n\n\n<li><a href=\"https:\/\/www.saechsische.de\/dresden\/lokales\/queer-pride-parade-in-dresden-6015376-plus.html\">House of Them interview (SZ+)<\/a> (de)<\/li>\n<\/ul>\n\n\n\n<h2 class=\"wp-block-heading\"><strong>Tag24<\/strong><\/h2>\n\n\n\n<ul class=\"wp-block-list\">\n<li><a href=\"https:\/\/www.tag24.de\/dresden\/lokales\/bei-der-queer-pride-in-dresden-gehts-nicht-nur-um-gute-laune-3224221\">https:\/\/www.tag24.de\/dresden\/lokales\/bei-der-queer-pride-in-dresden-gehts-nicht-nur-um-gute-laune-3224221<\/a> (de)<\/li>\n<\/ul>\n\n\n\n<h2 class=\"wp-block-heading\">Video<\/h2>\n\n\n\n<ul class=\"wp-block-list\">\n<li><a href=\"https:\/\/www.youtube.com\/watch?v=aUmDlK9iX2U\">Youtube film by Jens N\u00fcrk<\/a><\/li>\n\n\n\n<li><a href=\"https:\/\/www.tiktok.com\/@soulilian\/video\/7384021907600887073\">Tiktok by @soulilian<\/a><\/li>\n<\/ul>\n","protected":false},"excerpt":{"rendered":"<p>An overview of the reports on Queer Pride Dresden 2024. m\u00e4nner* Neustadt Gefl\u00fcster S\u00e4chsische Zeitung Tag24 Video<\/p>\n","protected":false},"author":1,"featured_media":0,"parent":0,"menu_order":0,"comment_status":"closed","ping_status":"closed","template":"","meta":{"footnotes":""},"class_list":["post-1848","page","type-page","status-publish","hentry"],"_links":{"self":[{"href":"https:\/\/www.queerpridedd.org\/index.php\/wp-json\/wp\/v2\/pages\/1848","targetHints":{"allow":["GET"]}}],"collection":[{"href":"https:\/\/www.queerpridedd.org\/index.php\/wp-json\/wp\/v2\/pages"}],"about":[{"href":"https:\/\/www.queerpridedd.org\/index.php\/wp-json\/wp\/v2\/types\/page"}],"author":[{"embeddable":true,"href":"https:\/\/www.queerpridedd.org\/index.php\/wp-json\/wp\/v2\/users\/1"}],"replies":[{"embeddable":true,"href":"https:\/\/www.queerpridedd.org\/index.php\/wp-json\/wp\/v2\/comments?post=1848"}],"version-history":[{"count":2,"href":"https:\/\/www.queerpridedd.org\/index.php\/wp-json\/wp\/v2\/pages\/1848\/revisions"}],"predecessor-version":[{"id":1852,"href":"https:\/\/www.queerpridedd.org\/index.php\/wp-json\/wp\/v2\/pages\/1848\/revisions\/1852"}],"wp:attachment":[{"href":"https:\/\/www.queerpridedd.org\/index.php\/wp-json\/wp\/v2\/media?parent=1848"}],"curies":[{"name":"wp","href":"https:\/\/api.w.org\/{rel}","templated":true}]}}