{"id":1611,"date":"2025-04-23T17:50:30","date_gmt":"2025-04-23T15:50:30","guid":{"rendered":"https:\/\/www.queerpridedd.org\/?page_id=1611"},"modified":"2025-05-09T00:21:32","modified_gmt":"2025-05-08T22:21:32","slug":"workshopreihe-get-ready-for-queer-action","status":"publish","type":"page","link":"https:\/\/www.queerpridedd.org\/index.php\/workshopreihe-get-ready-for-queer-action\/","title":{"rendered":"Workshopreihe: \u2068Get ready for queer action\u2069!"},"content":{"rendered":"\n<p>Die Pride Saison steht schon bald vor der T\u00fcr \u2013 eigentlich ein Grund gemeinsam zu feiern und die F\u00e4hnchen abzustauben.<\/p>\n\n\n\n<p>Schon seit den ersten Prides und CSDs begleiten uns durch diese Zeit aber auch Angst, Wut und Trauer. Wir sind w\u00fctend, weil unsere Existenzen gewaltvoll verneint werden. Wir haben Angst, um all das, was erreicht wurde und bald wieder verloren gehen kann. Wir trauern um die, die nicht mehr bei uns sind.<\/p>\n\n\n\n<p>Trotzdem sollen unsere Stimmen kraftvoll und unser Widerstand k\u00e4mpferisch bleiben \u2013 genau deshalb haben wir die Queer Action Weeks ins Leben gerufen, um R\u00e4ume zu schaffen, in denen wir uns gemeinsam auf die kommende Pride Saison einstimmen k\u00f6nnen.<\/p>\n\n\n\n<p>Neben dem klassischen Demotraining und 1&#215;1, wollen wir euch eine Bandbreite an Veranstaltungen zur feministischen Selbstbehauptung sowie zum Umgang mit Gefahrensituationen anbieten \u2013 ob in Gruppen oder alleine.&nbsp;<\/p>\n\n\n\n<p>Zum Beispiel das Parkourtraining in Heels, erlaubt es uns in Demo Situationen glamour\u00f6s und unbesch\u00e4mt zu bleiben. Ein Workshop zur mentalen Selbstverteidigung vermittelt, wie wir mit Angst und Momenten der Hoffnungslosigkeit innerlich und gemeinschaftlich umgehen k\u00f6nnen und wer noch nie bei einer Demo moderiert hat, das aber gerne probieren w\u00fcrde, kann sich auch diese Skills bei uns abholen.&nbsp;<\/p>\n\n\n\n<p>Um uns auszutauschen und gemeinsam die Lage zu analysieren, haben wir ebenfalls einen Vortrag zur diesj\u00e4hrigen Pride und ein Podiumsgespr\u00e4ch mit G\u00e4sten aus queeren und antifaschistischen Gruppen in Sachsen vorbereitet.<\/p>\n\n\n\n<p>Unsere Prides sollen Orte unserer Lust und unserer Forderungen bleiben. Leiste mit uns pr\u00e4ventiv und aktiv Widerstand und sorge daf\u00fcr, dass CSDs in Sachsen nicht zu rechten Angstr\u00e4umen verkommen.<\/p>\n\n\n\n<h2 class=\"wp-block-heading\"><strong>Vortrag Queer and Antifascist \u2013 unsere Br\u00fccken halten<\/strong><\/h2>\n\n\n\n<ul class=\"wp-block-list\">\n<li>Dienstag, 06.05.2025<\/li>\n\n\n\n<li>19:30<\/li>\n\n\n\n<li>Club H\u00e4ngeMathe, Zeunerstr. 1f, 01069 Dresden<\/li>\n<\/ul>\n\n\n\n<details class=\"wp-block-details is-layout-flow wp-block-details-is-layout-flow\"><summary>Details<\/summary>\n<p>Als Queer Pride Dresden wirken wir seit 2020 auf ganz unterschiedlichen Wegen auf eine bessere Zukunft hin. Wir setzen uns f\u00fcr eine starke queere Community ein, f\u00fcr queere Sichtbarkeit im Alltag und selbstbewusste Forderungen in der Politik.<\/p>\n\n\n\n<p>Unsere gro\u00dfe Demo am 21.06.2025 steht unter dem Motto: &#8222;queer and antifacist \u2013 unsere Br\u00fccken halten!&#8220; Denn das vergangene Jahr hat nicht nur in Sachsen gezeigt, wie wichtig das Verkn\u00fcpfen von queeren und antifaschistischen K\u00e4mpfen ist. Wir geben einen Einblick in unsere Aktivit\u00e4ten und laden zum Austausch \u00fcber aktuelle Herausforderungen und Handlungsm\u00f6glichkeiten ein.<\/p>\n<\/details>\n\n\n\n<h2 class=\"wp-block-heading\"><strong>Workshop Lauti-Moderation<\/strong><\/h2>\n\n\n\n<ul class=\"wp-block-list\">\n<li>Sonntag, 11.05.2025<\/li>\n\n\n\n<li>15:00<\/li>\n\n\n\n<li>kosmotique, Martin-Luther-Stra\u00dfe 13, 01099, Dresden<\/li>\n<\/ul>\n\n\n\n<details class=\"wp-block-details is-layout-flow wp-block-details-is-layout-flow\"><summary>Details<\/summary>\n<p>Kommunizieren \u2013 Agitieren \u2013 Moderieren<\/p>\n\n\n\n<p>Ein Skillsharing-Workshop f\u00fcr Lauti-Moderation<\/p>\n\n\n\n<p>Egal ob Demo, Aktion oder Kundgebung &#8211; eine gute Moderation kann den Unterschied machen zwischen langweiliger Latschdemo und empowerndem Autreten.<\/p>\n\n\n\n<p>Wolltest du schon immer Mal auf Lautsprecherwagen oder Kundgebungsb\u00fchne moderieren, hast dich das aber bislang nicht getraut?<\/p>\n\n\n\n<p>Du hast schon Erfahrung mit der Rolle als Moderation und m\u00f6chtest dich gerne dar\u00fcber austauschen und Kenntnisse weitergeben?<\/p>\n\n\n\n<p>Genau daf\u00fcr ist dieses Skillsharing gedacht!<\/p>\n\n\n\n<p>Es geht dabei um Erfahrungsaustausch, um Empowerment und das praktische Experimentieren. Wir probieren aus, wie man sich auf eine Moderation vorbereitet und in ein Mikro spricht.<\/p>\n<\/details>\n\n\n\n<h2 class=\"wp-block-heading\"><strong>Schnupperkurs WenDo \u2013 feminist self-assertion<\/strong><\/h2>\n\n\n\n<ul class=\"wp-block-list\">\n<li>Freitag, 16.05.2025<\/li>\n\n\n\n<li>17:00-20:00<\/li>\n\n\n\n<li>F\u00fcr Queers<\/li>\n\n\n\n<li>Ort nach Anmeldung (<a href=\"mailto:ws_queerdd@riseup.net\">ws_queerdd@riseup.net<\/a>)<\/li>\n<\/ul>\n\n\n\n<details class=\"wp-block-details is-layout-flow wp-block-details-is-layout-flow\"><summary>Details<\/summary>\n<p>Der Schnupperkurs WenDo m\u00f6chte einen Einblick in Selbstbehauptungsstrategien geben, um das Vertrauen in die eigenen Bed\u00fcrfnisse und Grenzen zu st\u00e4rken und gemeinsam Handlungsoptionen zu entwickeln, um verschiedene angstbesetzte Situationen gut zu bew\u00e4ltigen. Wahrnehmungs\u00fcbungen, der Einsatz der Stimme und die Entwicklung einer inneren Haltung sind dabei ebenso Teil des Kurses wie ein Einblick in Befreiungs- und Schlagtechniken. Der Fokus wird auf ein solidarisches Miteinander gelegt.<\/p>\n\n\n\n<p>Alle \u00dcbungen sind freiwillig und modifizierbar.&nbsp;<\/p>\n\n\n\n<p>Versorge dich gerne mit allem, was dir gut tut und trage bequeme Kleidung. Wenn du hast, bring bitte eine Sportmatte&nbsp; mit.<\/p>\n<\/details>\n\n\n\n<h2 class=\"wp-block-heading\"><strong>Kundgebung IDAHOBIT Gerede<\/strong><\/h2>\n\n\n\n<ul class=\"wp-block-list\">\n<li>Samstag, 17.05.2025<\/li>\n<\/ul>\n\n\n\n<h2 class=\"wp-block-heading\"><strong>Skills4Action \u2013 Aktionstraining f\u00fcr die Pridesaison<\/strong><\/h2>\n\n\n\n<ul class=\"wp-block-list\">\n<li>Sonntag, 18.05.2025<\/li>\n\n\n\n<li>16:00<\/li>\n\n\n\n<li>AZ Conni, Rudolf-Leonhardstr. 39, 01097&nbsp;<\/li>\n<\/ul>\n\n\n\n<h2 class=\"wp-block-heading\"><strong>Pfefferspray Workshop \u2013 pfeffern als g\u00e4b&#8217;s kein morgen mehr<\/strong><\/h2>\n\n\n\n<ul class=\"wp-block-list\">\n<li>Mittwoch, 21.05.2025<\/li>\n\n\n\n<li>18:00<\/li>\n\n\n\n<li>Ort nach Anmeldung (<a href=\"mailto:ws_queerdd@riseup.net\">ws_queerdd@riseup.net<\/a>)<\/li>\n<\/ul>\n\n\n\n<details class=\"wp-block-details is-layout-flow wp-block-details-is-layout-flow\"><summary>Details<\/summary>\n<p>Pfeffern als g\u00e4bs kein morgen mehr<\/p>\n\n\n\n<p>Leckt\u00fccher und Pfefferspray in der Tasche zu haben, gibt vielen von uns das Gef\u00fchl, auf jede Situation bestens vorbereitet zu sein. Lasst uns dieses Gef\u00fchl vertiefen, in dem wir mit \u00dcbungsspray zielen \u00fcben.<\/p>\n\n\n\n<p>Hausmeister scheucht euch vom Gras? B\u00c4M. Ex-Freund demoliert euch das Fahrrad? B\u00c4M. Mutti besteht aufs falsche Pronomen? B\u00c4M Naziyoungster kleben an den Fersen? B\u00c4M B\u00c4M B\u00c4M<\/p>\n\n\n\n<p>Wie wirkt Pfeffespray, welche Arten und Empfehlungen gibt es? Wir \u00fcben \u00dcberwindung und Gefahreneinsch\u00e4tzung mit Roleplay Situationen. Am Ende k\u00f6nnt ihr Spray kaufen.<\/p>\n\n\n\n<p><em>(Tierabwehrsprays sind nur in Notwehr gegen Menschen zu richten, alle Situationen sind fiktiv und ironisch. Wuff wuff)<\/em><\/p>\n<\/details>\n\n\n\n<h2 class=\"wp-block-heading\"><strong>Demo 1&#215;1 \u2013 Was tun wenn&#8217;s brennt? Ruhe bewahren!<\/strong><\/h2>\n\n\n\n<ul class=\"wp-block-list\">\n<li>Donnerstag, 22.05.2025<\/li>\n\n\n\n<li>18:30<\/li>\n\n\n\n<li>WIR AG, Martin-Luther-Stra\u00dfe 21, 01099 Dresden<\/li>\n<\/ul>\n\n\n\n<details class=\"wp-block-details is-layout-flow wp-block-details-is-layout-flow\"><summary>Details<\/summary>\n<p>Die Nazikonfrontation auf unseren CSDs bringt auch viel Polizeikontakt und trouble in unsere Playlist. Es gibt Situationen, in denen sog. Freund und Helfer ihre staatliche Repression auch gegen uns richtet. Sei es durch Versuche, Nazi-Streamer mit einer YMCA Schirm-Kombo von der Bildfl\u00e4che zu fegen oder praktisch den Schutz unserer Community zu gew\u00e4hrleisten.<\/p>\n\n\n\n<p>Polizist*innen geben sich als neutral aus: Sie &#8217;sch\u00fctzen&#8216; uns nur soweit, wie sie den &#8218;Protest gegen unsere Existenz in h\u00f6r- und sichtweise&#8216; (sic) erst erm\u00f6glichen. Mit derselben &#8218;Neutralit\u00e4t&#8216; werden sie kommende Gesetze gew\u00e4hlter Faschist*innen an uns umsetzen &#8211; z.B. in Ungarn, wo eine Pride Teilnahme gerade mit 500 \u20ac bestraft wird. Erste Ausl\u00e4ufe, wie die illegale Auslieferung von Maja nach Ungarn, sp\u00fcren wir bereits.&nbsp;<\/p>\n\n\n\n<p>Mit Festnahmen bei Demos, sowie An- und Abreisen, Beschlagnahmungen von Flugbl\u00e4ttern u.\u00e4., Hausdurchsuchungen und Strafbefehlen muss jede*r rechnen, der*die aktiv politisch t\u00e4tig ist, als Antifaschistin und als CSD-Besucherin.<\/p>\n\n\n\n<p>Was f\u00fcr STI gilt, gilt auch f\u00fcr Repression: brennt es? Ruhe bewahren!<\/p>\n\n\n\n<p>Eine gute Voraussetzung daf\u00fcr ist Vertrauen. Vertrauen in Genoss*innen, die sich um einen k\u00fcmmern. Vertrauen in die eigene Souver\u00e4nit\u00e4t im Umgang mit Repression.<\/p>\n\n\n\n<p>In diesem kurzen Aktions-1&#215;1 vermitteln wir die wichtigsten Grundregeln f\u00fcr Euer Verhalten vor, w\u00e4hrend und nach einer Aktion. Jippie!<\/p>\n\n\n\n<p>Ein Vortrag des Ermittlungsausschusses Dresden<\/p>\n<\/details>\n\n\n\n<h2 class=\"wp-block-heading\"><strong>Selbstverteidigungs-WS 1: gemeinsame Verteidigungsstrategien entwickeln<\/strong><\/h2>\n\n\n\n<ul class=\"wp-block-list\">\n<li>Freitag, 23.05.2025<\/li>\n\n\n\n<li>17:00-20:00<\/li>\n\n\n\n<li>F\u00fcr Queers<\/li>\n\n\n\n<li>Ort nach Anmeldung (<a href=\"mailto:ws_queerdd@riseup.net\">ws_queerdd@riseup.net<\/a>)<\/li>\n<\/ul>\n\n\n\n<details class=\"wp-block-details is-layout-flow wp-block-details-is-layout-flow\"><summary>Details<\/summary>\n<p>Nicht immer sind wir mit so einer gro\u00dfen Anzahl queers unterwegs, wie im hot-queerpride- summer. Um auch in diesen Momenten handlungsf\u00e4hig zu sein, wird dieser Workshop Einblick in einfache Techniken geben, um sowohl allein, als auch als Gruppe Gefahrensituationen gut begegnen zu k\u00f6nnen. Dabei schauen wir genau auf die eigenen Grenzen, Stimme, K\u00f6rpersprache und Haltung. Au\u00dferdem soll der Workshop Raum er\u00f6ffnen, um verteidigende Handlungsstrategien in Gruppen zu besprechen und zu erproben.<\/p>\n\n\n\n<p>Kommt in bequemen Sachen, bringt, wenn vorhanden, eine Sportmatte (Yogamatte o.\u00e4.) mit und sorgt f\u00fcr eure eigene Verpflegung.<\/p>\n<\/details>\n\n\n\n<h2 class=\"wp-block-heading\"><strong>Selbstverteidigungs-WS 2: Und wenn ich nicht (mehr) rennen will?<\/strong><\/h2>\n\n\n\n<ul class=\"wp-block-list\">\n<li>Samstag, 24.05.2025<\/li>\n\n\n\n<li>14:00-17:00<\/li>\n\n\n\n<li>F\u00fcr Queers<\/li>\n\n\n\n<li>Ort nach Anmeldung (<a href=\"mailto:ws_queerdd@riseup.net\">ws_queerdd@riseup.net<\/a>)<\/li>\n<\/ul>\n\n\n\n<details class=\"wp-block-details is-layout-flow wp-block-details-is-layout-flow\"><summary>Details<\/summary>\n<p>Nicht immer ist es m\u00f6glich, durch Flucht aus Gefahrensituationen zu entkommen. Der Workshop will erste Orientierung bieten, welche M\u00f6glichkeiten der Selbstverteidigung in solchen Momenten hilfreich sein k\u00f6nnen. Daf\u00fcr probieren wir gemeinsam verschiedene Schlag- und Tritttechniken aus und entwickeln gemeinsame Strategien, um handlungsf\u00e4hig zu bleiben.&nbsp;<\/p>\n\n\n\n<p>Kommt in bequemen Sachen, bringt, wenn vorhanden, eine Sportmatte (Yogamatte o.\u00e4.) mit und sorgt f\u00fcr eure eigene Verpflegung.<\/p>\n<\/details>\n\n\n\n<h2 class=\"wp-block-heading\"><strong>Mentale Selbstverteidigung \u2013 gemeinsam standhaft bleiben<\/strong><\/h2>\n\n\n\n<ul class=\"wp-block-list\">\n<li>Sonntag, 25.05.2025<\/li>\n\n\n\n<li>10:00-17:00<\/li>\n\n\n\n<li>Ort nach Anmeldung (<a href=\"mailto:ws_queerdd@riseup.net\">ws_queerdd@riseup.net<\/a>)<\/li>\n<\/ul>\n\n\n\n<details class=\"wp-block-details is-layout-flow wp-block-details-is-layout-flow\"><summary>Details<\/summary>\n<p>In Zeiten wie diesen haben wir es nicht einfach: sichere R\u00e4ume drohen wegzubrechen, rechte Jugendliche im Stadtbild erinnern an schlechte alte Zeiten, keine Katastrophe \u00fcberrascht uns mehr.<\/p>\n\n\n\n<p>Dass wir trotzdem k\u00e4mpfen wollen, steht au\u00dfer Frage \u2013 aber wie, wenn unsere \u00c4ngste nicht unbegr\u00fcndet sind und die Hoffnungslosigkeit uns am letzten Nerv nagt?<\/p>\n\n\n\n<p>Eben dieser Frage wollen wir in unserem Workshop zur mentalen Selbstverteidigung nachgehen, den wir zusammen mit dem WUMS! Kollektiv gestalten. Hier werden wir im Laufe des Tages an Strategien arbeiten, wie wir mit Bedrohungen und Angriffen innerlich, aber auch als Kollektiv umgehen k\u00f6nnen und wie wir trotz allem handlungsf\u00e4hig bleiben.<\/p>\n\n\n\n<p>Im Workshop werden wir viel aus der Expertise des WUMS! Kollektivs lernen, aber genauso auch voneinander. Der Workshop richtet sich also an alle interessierten queeren Menschen, mit viel und wenig Wissen zu diesem Thema, die miteinander an einem F\u00fcreinander arbeiten wollen.<\/p>\n<\/details>\n\n\n\n<h2 class=\"wp-block-heading\"><strong>Heels, Hops, and Hot Messes: Queer Parkour for Divas on Demo<\/strong><\/h2>\n\n\n\n<ul class=\"wp-block-list\">\n<li>Freitag, 30.05.2025&nbsp;<\/li>\n\n\n\n<li>14:00-17:00<\/li>\n\n\n\n<li>AZ Conni, Rudolf-Leonhardstr. 39, 01097<\/li>\n<\/ul>\n\n\n\n<details class=\"wp-block-details is-layout-flow wp-block-details-is-layout-flow\"><summary>Details<\/summary>\n<p>Willkommen zu Heels, Hops, and Hot Messes &#8211; dem Workshop, in dem wir dir zeigen, wie wir mit unserem Slutty Streben die Stra\u00dfen f\u00fcr uns einnehmen k\u00f6nnen. Ob du sprintest, krabbelst oder in deinen Heels herangleitest \u2013 wir bringen das Ungest\u00fcme, das Fabelhafte und das Chaos in jede Demo!<\/p>\n\n\n\n<p>Keine Vorkenntnisse n\u00f6tig! Alle Levels willkommen! Sprache DE\/EN<\/p>\n\n\n\n<p>Bei besonderen Zug\u00e4nglichkeitsbed\u00fcrfnissen hast, sag uns bitte vorher Bescheid.<\/p>\n\n\n\n<p>Mitbringen: Deine eigenen Heels (falls du welche hast \u2013 wir stellen so viele wie m\u00f6glich bereit). Wasser und ein Handtuch, um frisch durch die Challenge zu kommen.<\/p>\n\n\n\n<p>Wir w\u00e4rmen uns mit dir auf, aktivieren die Queer-Pride-Vibes in uns \u2013 sammeln dabei Freude und St\u00e4rke. Es ist Zeit, Zweifel und \u00c4ngste abzusch\u00fctteln, deinen Feinden selbstbewusst ins Gesicht zu blicken und deinen Freund:innen, Ex-Lover oder nette Nachbar:innen zu umarmen. Nicht so der Umarmungs-Typ? \u00dcben wir zwinkern!<\/p>\n\n\n\n<p>Schau dir Kompentez, unsch\u00f6nes Betragen und R\u00fcpelei bei uns ab; und finde deine Dosis an Camp und Glamour. Falls du schon einen Trash-Look oder Fight-Animal-Energy hast, bring mit, was du f\u00fcr die Challenge brauchst!<\/p>\n\n\n\n<p>Heels an \u2013 es ist Zeit, die Demo zu walken und alles abzurei\u00dfen! Heel Up &amp; Shut It Down!! Finde deinen Slutty Strut! <\/p>\n<\/details>\n\n\n\n<h2 class=\"wp-block-heading\"><strong>Unholy Club \u2013 queer Bar Night for Queers&amp;Allies<\/strong><\/h2>\n\n\n\n<ul class=\"wp-block-list\">\n<li>Freitag, 30.05.2025&nbsp;<\/li>\n\n\n\n<li>19:00<\/li>\n\n\n\n<li>AZ Conni, Rudolf-Leonhardstr. 39, 01097&nbsp;<\/li>\n<\/ul>\n\n\n\n<h2 class=\"wp-block-heading\"><strong>Podium: Regenbogen oder 161? Queere und antifaschistische Politiken zusammendenken<\/strong><\/h2>\n\n\n\n<ul class=\"wp-block-list\">\n<li>Donnerstag, 05.06.2025<\/li>\n\n\n\n<li>19:00<\/li>\n\n\n\n<li>Hole of Fame, K\u00f6nigsbr\u00fccker Stra\u00dfe 39, 01099 Dresden<\/li>\n<\/ul>\n\n\n\n<details class=\"wp-block-details is-layout-flow wp-block-details-is-layout-flow\"><summary>Details<\/summary>\n<p>Angst vor der rechten Drohkulisse, geh\u00f6rt f\u00fcr viele queere Menschen schon seit Jahren zum Alltag. Sp\u00e4testens seit der letzten Pride Saison steht jedoch fest, dass wir uns mit der Gewalt und Agitation von Seiten rechter Akteure gegen Prides &amp; queeren Veranstaltungen proaktiv befassen m\u00fcssen.&nbsp;<\/p>\n\n\n\n<p>Die Queer Pride Dresden versteht sich auch daher als antifaschistische Gruppe \u2013 aufgrund der realen und oftmals selbst erlebten Gewalt von rechts.&nbsp; Aber beginnt und endet die geteilte Arbeit mit dem gemeinsamen Feind?<\/p>\n\n\n\n<p>Um zu beleuchten wo queere Politik und Antifaschismus sich gegenseitig empowern k\u00f6nnen, wollen wir Menschen aus den unterschiedlichen Bewegungen auf die B\u00fchne und ins Gespr\u00e4ch bringen.<\/p>\n\n\n\n<p>Wie sehen konkrete Bedrohungen aus, denen wir ausgesetzt sind?&nbsp;<\/p>\n\n\n\n<p>Welche Konsequenzen ziehen wir aus der Mobilisierung der rechten Szene gegen CSDs in Sachsen im vergangenen Jahr?&nbsp;<\/p>\n\n\n\n<p>Wie k\u00f6nnen wir einander sch\u00fctzen und Solidarit\u00e4t zwischen den Bewegungen das ganze Jahr \u00fcber leben?<\/p>\n\n\n\n<p>Was bedeutet es eigentlich Queerness und Antifaschismus als verb\u00fcndete Kr\u00e4fte und Konzepte zu denken? Wieso sollten uns unsere Identit\u00e4ten immer schon gegen den Faschismus politisieren?<\/p>\n\n\n\n<p>Und vielleicht am wichtigsten: Antifaschistisch und Queer-Sein ist nicht nur f\u00fcr die Gro\u00dfst\u00e4dte reserviert. Wie st\u00e4rken wir also progressiven Strukturen im l\u00e4ndlichen Raum den R\u00fccken?<\/p>\n<\/details>\n\n\n\n<div style=\"height:100px\" aria-hidden=\"true\" class=\"wp-block-spacer\"><\/div>\n\n\n\n<p>Poster design by Klecks <a href=\"https:\/\/wissengegenmacht.substack.com\/\" data-type=\"link\" data-id=\"https:\/\/wissengegenmacht.substack.com\/\">@WissenGegenMacht<\/a><\/p>\n","protected":false},"excerpt":{"rendered":"<p>Die Pride Saison steht schon bald vor der T\u00fcr \u2013 eigentlich ein Grund gemeinsam zu feiern und die F\u00e4hnchen abzustauben. Schon seit den ersten Prides und CSDs begleiten uns durch diese Zeit aber auch Angst, Wut und Trauer. Wir sind w\u00fctend, weil unsere Existenzen gewaltvoll verneint werden. Wir haben Angst, um all das, was erreicht <a href=\"https:\/\/www.queerpridedd.org\/index.php\/workshopreihe-get-ready-for-queer-action\/\" class=\"more-link\">&#8230;<span class=\"screen-reader-text\">  Workshopreihe: \u2068Get ready for queer action\u2069!<\/span><\/a><\/p>\n","protected":false},"author":1,"featured_media":0,"parent":0,"menu_order":0,"comment_status":"closed","ping_status":"closed","template":"","meta":{"footnotes":""},"class_list":["post-1611","page","type-page","status-publish","hentry"],"_links":{"self":[{"href":"https:\/\/www.queerpridedd.org\/index.php\/wp-json\/wp\/v2\/pages\/1611","targetHints":{"allow":["GET"]}}],"collection":[{"href":"https:\/\/www.queerpridedd.org\/index.php\/wp-json\/wp\/v2\/pages"}],"about":[{"href":"https:\/\/www.queerpridedd.org\/index.php\/wp-json\/wp\/v2\/types\/page"}],"author":[{"embeddable":true,"href":"https:\/\/www.queerpridedd.org\/index.php\/wp-json\/wp\/v2\/users\/1"}],"replies":[{"embeddable":true,"href":"https:\/\/www.queerpridedd.org\/index.php\/wp-json\/wp\/v2\/comments?post=1611"}],"version-history":[{"count":3,"href":"https:\/\/www.queerpridedd.org\/index.php\/wp-json\/wp\/v2\/pages\/1611\/revisions"}],"predecessor-version":[{"id":1638,"href":"https:\/\/www.queerpridedd.org\/index.php\/wp-json\/wp\/v2\/pages\/1611\/revisions\/1638"}],"wp:attachment":[{"href":"https:\/\/www.queerpridedd.org\/index.php\/wp-json\/wp\/v2\/media?parent=1611"}],"curies":[{"name":"wp","href":"https:\/\/api.w.org\/{rel}","templated":true}]}}